{"version":"1.0","provider_name":"LISIS","provider_url":"https:\/\/umr-lisis.fr\/en\/","title":"Colloque \"Agro\u00e9cologie. Enjeu de luttes\" \u00e0 Montpellier - LISIS","type":"rich","width":600,"height":338,"html":"<blockquote class=\"wp-embedded-content\" data-secret=\"yeLYvQTnhd\"><a href=\"https:\/\/umr-lisis.fr\/en\/actualites\/evenement\/colloque-agroecologie-enjeu-de-luttes-a-montpellier\/\">Colloque &#8220;Agro\u00e9cologie. Enjeu de luttes&#8221; \u00e0 Montpellier<\/a><\/blockquote><iframe sandbox=\"allow-scripts\" security=\"restricted\" src=\"https:\/\/umr-lisis.fr\/en\/actualites\/evenement\/colloque-agroecologie-enjeu-de-luttes-a-montpellier\/embed\/#?secret=yeLYvQTnhd\" width=\"600\" height=\"338\" title=\"&#8220;Colloque &#8220;Agro\u00e9cologie. Enjeu de luttes&#8221; \u00e0 Montpellier&#8221; &#8212; LISIS\" data-secret=\"yeLYvQTnhd\" frameborder=\"0\" marginwidth=\"0\" marginheight=\"0\" scrolling=\"no\" class=\"wp-embedded-content\"><\/iframe><script type=\"text\/javascript\">\n\/*! This file is auto-generated *\/\n!function(d,l){\"use strict\";var e=!1,o=!1;if(l.querySelector)if(d.addEventListener)e=!0;if(d.wp=d.wp||{},!d.wp.receiveEmbedMessage)if(d.wp.receiveEmbedMessage=function(e){var t=e.data;if(t)if(t.secret||t.message||t.value)if(!\/[^a-zA-Z0-9]\/.test(t.secret)){for(var r,a,i,s=l.querySelectorAll('iframe[data-secret=\"'+t.secret+'\"]'),n=l.querySelectorAll('blockquote[data-secret=\"'+t.secret+'\"]'),o=new RegExp(\"^https?:$\",\"i\"),c=0;c<n.length;c++)n[c].style.display=\"none\";for(c=0;c<s.length;c++)if(r=s[c],e.source===r.contentWindow){if(r.removeAttribute(\"style\"),\"height\"===t.message){if(1e3<(i=parseInt(t.value,10)))i=1e3;else if(~~i<200)i=200;r.height=i}if(\"link\"===t.message)if(a=l.createElement(\"a\"),i=l.createElement(\"a\"),a.href=r.getAttribute(\"src\"),i.href=t.value,o.test(i.protocol))if(i.host===a.host)if(l.activeElement===r)d.top.location.href=t.value}}},e)d.addEventListener(\"message\",d.wp.receiveEmbedMessage,!1),l.addEventListener(\"DOMContentLoaded\",t,!1),d.addEventListener(\"load\",t,!1);function t(){if(!o){o=!0;for(var e,t,r,a=-1!==navigator.appVersion.indexOf(\"MSIE 10\"),i=!!navigator.userAgent.match(\/Trident.*rv:11\\.\/),s=l.querySelectorAll(\"iframe.wp-embedded-content\"),n=0;n<s.length;n++){if(!(r=(t=s[n]).getAttribute(\"data-secret\")))r=Math.random().toString(36).substr(2,10),t.src+=\"#?secret=\"+r,t.setAttribute(\"data-secret\",r);if(a||i)(e=t.cloneNode(!0)).removeAttribute(\"security\"),t.parentNode.replaceChild(e,t);t.contentWindow.postMessage({message:\"ready\",secret:r},\"*\")}}}}(window,document);\n<\/script>\n","thumbnail_url":"http:\/\/umr-lisis.fr\/wp-content\/uploads\/2026\/02\/affiche-A3-web-fev2026_page-0001.jpg","thumbnail_width":1754,"thumbnail_height":2481,"description":"Colloque &#8220;Agro\u00e9cologie. Enjeu de luttes&#8221; Institut Agro, 2 place Pierre Viala \u00e0 Montpellier &nbsp; Faisant le bilan des travaux men\u00e9s en sciences humaines et sociales sur l\u2019agro\u00e9cologie au cours des vingt derni\u00e8res ann\u00e9es, ce colloque aborde la port\u00e9e, les tensions et les limites de l\u2019institutionnalisation de l\u2019agro\u00e9cologie. Il est organis\u00e9 par les chercheuses et chercheurs [&hellip;]"}